{"id":19563,"date":"2026-03-11T18:41:25","date_gmt":"2026-03-11T22:41:25","guid":{"rendered":""},"modified":"2026-05-01T15:36:11","modified_gmt":"2026-05-01T19:36:11","slug":"se-alquilan-locales-comerciales-en-santiago","status":"publish","type":"property","link":"https:\/\/prohouse.com.do\/en\/propiedad\/se-alquilan-locales-comerciales-en-santiago\/","title":{"rendered":"Se alquilan locales comerciales en Santiago"},"content":{"rendered":"<p>Estos son los detalles:<\/p>\n<\/p>\n<p>Locales Comerciales, en el 2do. Nivel de Colinas Mall. En el mismo nivel de los consultorios del nuevo Hospital General Las Colinas.<\/p>\n<\/p>\n<p>\u2747\ufe0f Precio por metro de alquiler: US22.00<\/p>\n<\/p>\n<p>Local de 144M2 US$3,168.00<\/p>\n<p>Local de 167M2 US$3,674<\/p>\n<\/p>\n<p>Precios No incluyen Itbis, ni mantenimiento.<\/p>\n<\/p>\n<p>Local de 144M2 Mantenimiento RD$18,000.00<\/p>\n<p>Local de 167M2 Mantenimiento: RD$20,875.00<\/p>","protected":false},"excerpt":{"rendered":"<p>Se alquilan locales comerciales en Colinas Mall. Santiago.<\/p>","protected":false},"author":3,"featured_media":19565,"parent":0,"menu_order":0,"template":"","property_type":[280],"property_status":[32],"property_feature":[],"property_label":[],"property_country":[],"property_state":[173],"property_city":[93],"property_area":[292],"class_list":["post-19563","property","type-property","status-publish","has-post-thumbnail","hentry","property_type-locales-comerciales","property_status-for-rent","property_state-santiago","property_city-santiago","property_area-las-colinas"],"aioseo_notices":[],"property_meta":{"_aerhs_uid":["FMX2P3346S"],"_aerhs_last_sync":["2026-05-01 18:37:20"],"_aerhs_import_data":["{\n    \"agents\": [\n        {\n            \"id\": 317437,\n            \"slug\": \"anyely-cabrera\",\n            \"uid\": \"59KXKMYJMK\",\n            \"company\": 15422,\n            \"role\": 30138,\n            \"avatar\": \"https:\/\/d2p0bx8wfdkjkb.cloudfront.net\/static\/user-317437\/uGk3Wyv9e3-Mujer_-_3.png\",\n            \"photo\": null,\n            \"email\": \"prohouseacd@gmail.com\",\n            \"first_name\": \"Anyely\",\n            \"last_name\": \"Cabrera\",\n            \"phone\": \"+18099956551\",\n            \"team\": null,\n            \"position\": \"Agente Inmobiliario\",\n            \"priority\": null,\n            \"bio\": \"<p style=\"margin-left:0px;\"><span style=\"font-size: 13px;font-family: Helvetica Neue;\">Anyely Cabrera, cuenta con una s\u00f3lida trayectoria<\/span> <span style=\"font-size: 13px;font-family: Helvetica Neue;\">de 25 a\u00f1os en el sector financiero, combinada con su conocimiento del mercado inmobiliario, le permite brindar asesor\u00eda clara, estrat\u00e9gica y enfocada en resultados.<\/span><\/p>n<p style=\"margin-left:0px;\"><\/p>n<p style=\"margin-left:0px;\"><span style=\"font-size: 13px;font-family: Helvetica Neue;\">En Pro House, trabaja con propiedades residenciales, comerciales, industriales y de inversi\u00f3n, ofreciendo un servicio cercano, profesional y orientado a lograr negociaciones exitosas.<\/span><br><\/p>\",\n            \"facebook_username\": \"PRO HOUSE\",\n            \"instagram_username\": \"prohouse.anyelycabrera\",\n            \"twitter_username\": null,\n            \"youtubeiframe\": null,\n            \"full_name\": \"Anyely Cabrera\",\n            \"division\": null\n        }\n    ],\n    \"cid\": 1016,\n    \"uid\": \"FMX2P3346S\",\n    \"name\": \"Se alquilan locales comerciales en Santiago\",\n    \"slug\": \"se-alquilan-locales-comerciales-en-santiago-1016\",\n    \"category\": {\n        \"id\": 6,\n        \"name\": \"Locales Comerciales\",\n        \"name_en\": \"Commercial Premises\",\n        \"priority\": null\n    },\n    \"lat_long\": false,\n    \"condition\": \"9\",\n    \"room\": null,\n    \"bathroom\": null,\n    \"half_bathrooms\": null,\n    \"parkinglot\": null,\n    \"listing_type\": [\n        {\n            \"id\": 2,\n            \"listing\": \"Alquiler\"\n        }\n    ],\n    \"featured_image\": \"https:\/\/d2p0bx8wfdkjkb.cloudfront.net\/static\/properties\/WEUC7HAQFZ\/FMX2P3346S\/45BB4dhbky\/tempImagenYVfca.jpeg\",\n    \"currency_sale\": \"DOP\",\n    \"currency_rent\": \"USD\",\n    \"currency_rental\": \"DOP\",\n    \"currency_furnished\": \"DOP\",\n    \"currency_maintenance\": \"DOP\",\n    \"currency_sale_furnished\": \"DOP\",\n    \"sale_price\": null,\n    \"rent_price\": 3168,\n    \"rental_price\": null,\n    \"furnished_price\": null,\n    \"furnished_sale_price\": null,\n    \"property_area\": 144,\n    \"property_area_measurer\": \"Mt2\",\n    \"terrain_area\": null,\n    \"terrain_area_measurer\": \"Mt2\",\n    \"province\": \"Santiago\",\n    \"city\": \"Santiago\",\n    \"sector\": \"Las Colinas\",\n    \"status\": \"1\",\n    \"external_route\": null,\n    \"exclusive\": false,\n    \"furnished\": false,\n    \"featured\": true,\n    \"masterbroker\": false,\n    \"short_description\": \"Se alquilan locales comerciales en Colinas Mall. Santiago.\",\n    \"is_project_v2\": false,\n    \"project_values\": null,\n    \"parent\": {\n        \"slug\": \"se-alquilan-locales-comerciales-en-santiago-1016\",\n        \"uid\": \"FMX2P3346S\",\n        \"tid\": \"QIWEWWS4MY\",\n        \"cid\": 1016,\n        \"is_project_v2\": false,\n        \"masterbroker\": false,\n        \"featured_image\": \"https:\/\/d2kflbb1pmooh4.cloudfront.net\/eyJidWNrZXQiOiAiYWx0ZXJlc3RhdGUiLCAia2V5IjogInN0YXRpYy9wcm9wZXJ0aWVzL1dFVUM3SEFRRlovRk1YMlAzMzQ2Uy80NUJCNGRoYmt5L3RlbXBJbWFnZW5ZVmZjYS5qcGVnIiwgImVkaXRzIjogeyJyZXNpemUiOiB7IndpZHRoIjogMTAyNCwgImhlaWdodCI6IDc2OCwgImZpdCI6ICJpbnNpZGUifSwgInRvRm9ybWF0IjogImpwZWciLCAianBlZyI6IHsicXVhbGl0eSI6IDcwfX19\",\n        \"featured_image_medium\": \"https:\/\/d2kflbb1pmooh4.cloudfront.net\/eyJidWNrZXQiOiAiYWx0ZXJlc3RhdGUiLCAia2V5IjogInN0YXRpYy9wcm9wZXJ0aWVzL1dFVUM3SEFRRlovRk1YMlAzMzQ2Uy80NUJCNGRoYmt5L3RlbXBJbWFnZW5ZVmZjYS5qcGVnIiwgImVkaXRzIjogeyJyZXNpemUiOiB7IndpZHRoIjogNjAwLCAiaGVpZ2h0IjogNDUwLCAiZml0IjogImluc2lkZSJ9LCAidG9Gb3JtYXQiOiAianBlZyIsICJqcGVnIjogeyJxdWFsaXR5IjogNzB9fX0=\",\n        \"featured_image_thumb\": \"https:\/\/d2kflbb1pmooh4.cloudfront.net\/eyJidWNrZXQiOiAiYWx0ZXJlc3RhdGUiLCAia2V5IjogInN0YXRpYy9wcm9wZXJ0aWVzL1dFVUM3SEFRRlovRk1YMlAzMzQ2Uy80NUJCNGRoYmt5L3RlbXBJbWFnZW5ZVmZjYS5qcGVnIiwgImVkaXRzIjogeyJyZXNpemUiOiB7IndpZHRoIjogMTUsICJoZWlnaHQiOiAxNSwgImZpdCI6ICJpbnNpZGUifSwgInRvRm9ybWF0IjogImpwZWciLCAianBlZyI6IHsicXVhbGl0eSI6IDcwfX19\",\n        \"featured_image_original\": \"https:\/\/d2p0bx8wfdkjkb.cloudfront.net\/static\/properties\/WEUC7HAQFZ\/FMX2P3346S\/45BB4dhbky\/tempImagenYVfca.jpeg\"\n    },\n    \"is_children\": false,\n    \"share_comision\": 50,\n    \"show_on_propertybank\": true,\n    \"translations\": [],\n    \"timestamp\": \"2026-03-11T15:41:11.461751-04:00\",\n    \"sector_id\": 11866,\n    \"city_id\": 121,\n    \"style\": null,\n    \"condition_read\": \"Listo\",\n    \"terrace_area\": null,\n    \"terrace_area_measurer\": \"Mt2\",\n    \"canbuild\": false,\n    \"hide_location\": false,\n    \"maintenance_fee\": 18000,\n    \"description\": \"<p>Estos son los detalles:<\/p><p><\/p><p>Locales Comerciales, en el 2do. Nivel de Colinas Mall. En el mismo nivel de los consultorios del nuevo Hospital General Las Colinas.<\/p><p><\/p><p>\u2747\ufe0f Precio por metro de alquiler: US22.00<\/p><p><\/p><p>Local de 144M2 US$3,168.00<\/p><p>Local de 167M2 US$3,674<\/p><p><\/p><p>Precios No incluyen Itbis, ni mantenimiento.<\/p><p><\/p><p>Local de 144M2 Mantenimiento RD$18,000.00<\/p><p>Local de 167M2 Mantenimiento: RD$20,875.00<\/p>\",\n    \"design\": 1,\n    \"virtual_tour\": null,\n    \"tags\": [],\n    \"delivery_date\": null,\n    \"amenities\": [],\n    \"gallery_image\": [\n        {\n            \"image\": \"https:\/\/d2kflbb1pmooh4.cloudfront.net\/eyJidWNrZXQiOiAiYWx0ZXJlc3RhdGUiLCAia2V5IjogInN0YXRpYy9wcm9wZXJ0aWVzL1dFVUM3SEFRRlovSVdNRTBIRURSMi83WG5QamR6dWRFL3RlbXBJbWFnZUxPZ0M1RS5qcGVnIiwgImVkaXRzIjogeyJyZXNpemUiOiB7IndpZHRoIjogMTI4MCwgImhlaWdodCI6IDk2MCwgImZpdCI6ICJpbnNpZGUifSwgInRvRm9ybWF0IjogImpwZWciLCAianBlZyI6IHsicXVhbGl0eSI6IDcwfX19\",\n            \"image_wm\": null,\n            \"external_url\": null,\n            \"external_url_wm\": null,\n            \"name\": \"properties\/WEUC7HAQFZ\/IWME0HEDR2\/7XnPjdzudE\/tempImageLOgC5E.jpeg\",\n            \"name_wm\": null\n        },\n        {\n            \"image\": \"https:\/\/d2kflbb1pmooh4.cloudfront.net\/eyJidWNrZXQiOiAiYWx0ZXJlc3RhdGUiLCAia2V5IjogInN0YXRpYy9wcm9wZXJ0aWVzL1dFVUM3SEFRRlovMDNYRVRBMU5HVC9CRG5EY3kzbTI5L3RlbXBJbWFnZWdwYm1Tby5qcGVnIiwgImVkaXRzIjogeyJyZXNpemUiOiB7IndpZHRoIjogMTI4MCwgImhlaWdodCI6IDk2MCwgImZpdCI6ICJpbnNpZGUifSwgInRvRm9ybWF0IjogImpwZWciLCAianBlZyI6IHsicXVhbGl0eSI6IDcwfX19\",\n            \"image_wm\": null,\n            \"external_url\": null,\n            \"external_url_wm\": null,\n            \"name\": \"properties\/WEUC7HAQFZ\/03XETA1NGT\/BDnDcy3m29\/tempImagegpbmSo.jpeg\",\n            \"name_wm\": null\n        },\n        {\n            \"image\": \"https:\/\/d2kflbb1pmooh4.cloudfront.net\/eyJidWNrZXQiOiAiYWx0ZXJlc3RhdGUiLCAia2V5IjogInN0YXRpYy9wcm9wZXJ0aWVzL1dFVUM3SEFRRlovRjVURDhJR09MRC81bTlpWjZnMkduL3RlbXBJbWFnZXB5NGZDbS5qcGVnIiwgImVkaXRzIjogeyJyZXNpemUiOiB7IndpZHRoIjogMTI4MCwgImhlaWdodCI6IDk2MCwgImZpdCI6ICJpbnNpZGUifSwgInRvRm9ybWF0IjogImpwZWciLCAianBlZyI6IHsicXVhbGl0eSI6IDcwfX19\",\n            \"image_wm\": null,\n            \"external_url\": null,\n            \"external_url_wm\": null,\n            \"name\": \"properties\/WEUC7HAQFZ\/F5TD8IGOLD\/5m9iZ6g2Gn\/tempImagepy4fCm.jpeg\",\n            \"name_wm\": null\n        },\n        {\n            \"image\": \"https:\/\/d2kflbb1pmooh4.cloudfront.net\/eyJidWNrZXQiOiAiYWx0ZXJlc3RhdGUiLCAia2V5IjogInN0YXRpYy9wcm9wZXJ0aWVzL1dFVUM3SEFRRlovOVVRU080M0JXSC9pSEVzVkxVWXkyL3RlbXBJbWFnZVN5ZkxlMy5qcGVnIiwgImVkaXRzIjogeyJyZXNpemUiOiB7IndpZHRoIjogMTI4MCwgImhlaWdodCI6IDk2MCwgImZpdCI6ICJpbnNpZGUifSwgInRvRm9ybWF0IjogImpwZWciLCAianBlZyI6IHsicXVhbGl0eSI6IDcwfX19\",\n            \"image_wm\": null,\n            \"external_url\": null,\n            \"external_url_wm\": null,\n            \"name\": \"properties\/WEUC7HAQFZ\/9UQSO43BWH\/iHEsVLUYy2\/tempImageSyfLe3.jpeg\",\n            \"name_wm\": null\n        },\n        {\n            \"image\": \"https:\/\/d2kflbb1pmooh4.cloudfront.net\/eyJidWNrZXQiOiAiYWx0ZXJlc3RhdGUiLCAia2V5IjogInN0YXRpYy9wcm9wZXJ0aWVzL1dFVUM3SEFRRlovM1VUOEo5WkkzNy95UDhCdlBYZ1pFL3RlbXBJbWFnZWtDTzVFei5qcGVnIiwgImVkaXRzIjogeyJyZXNpemUiOiB7IndpZHRoIjogMTI4MCwgImhlaWdodCI6IDk2MCwgImZpdCI6ICJpbnNpZGUifSwgInRvRm9ybWF0IjogImpwZWciLCAianBlZyI6IHsicXVhbGl0eSI6IDcwfX19\",\n            \"image_wm\": null,\n            \"external_url\": null,\n            \"external_url_wm\": null,\n            \"name\": \"properties\/WEUC7HAQFZ\/3UT8J9ZI37\/yP8BvPXgZE\/tempImagekCO5Ez.jpeg\",\n            \"name_wm\": null\n        },\n        {\n            \"image\": \"https:\/\/d2kflbb1pmooh4.cloudfront.net\/eyJidWNrZXQiOiAiYWx0ZXJlc3RhdGUiLCAia2V5IjogInN0YXRpYy9wcm9wZXJ0aWVzL1dFVUM3SEFRRlovM0VMUjdaUzI4Ti9jNGdIeXBna3lOL3RlbXBJbWFnZUJtUElNTC5qcGVnIiwgImVkaXRzIjogeyJyZXNpemUiOiB7IndpZHRoIjogMTI4MCwgImhlaWdodCI6IDk2MCwgImZpdCI6ICJpbnNpZGUifSwgInRvRm9ybWF0IjogImpwZWciLCAianBlZyI6IHsicXVhbGl0eSI6IDcwfX19\",\n            \"image_wm\": null,\n            \"external_url\": null,\n            \"external_url_wm\": null,\n            \"name\": \"properties\/WEUC7HAQFZ\/3ELR7ZS28N\/c4gHypgkyN\/tempImageBmPIML.jpeg\",\n            \"name_wm\": null\n        }\n    ],\n    \"view_count\": 0,\n    \"show_on_website\": true,\n    \"mapiframe\": null,\n    \"youtubeiframe\": null,\n    \"forSale\": false,\n    \"forRent\": true,\n    \"forRental\": false,\n    \"us_saleprice\": null,\n    \"us_rentprice\": 3168,\n    \"us_rentalprice\": null,\n    \"us_furnished\": null,\n    \"us_sale_furnished\": null,\n    \"related_properties\": [\n        {\n            \"agents\": [\n                \"Anyely Cabrera\"\n            ],\n            \"cid\": 1016,\n            \"uid\": \"FMX2P3346S\",\n            \"name\": \"Se alquilan locales comerciales en Santiago\",\n            \"slug\": \"se-alquilan-locales-comerciales-en-santiago-1016\",\n            \"category\": {\n                \"id\": 6,\n                \"name\": \"Locales Comerciales\",\n                \"name_en\": \"Commercial Premises\",\n                \"priority\": null\n            },\n            \"lat_long\": false,\n            \"condition\": \"9\",\n            \"room\": null,\n            \"bathroom\": null,\n            \"half_bathrooms\": null,\n            \"parkinglot\": null,\n            \"listing_type\": [\n                {\n                    \"id\": 2,\n                    \"listing\": \"Alquiler\"\n                }\n            ],\n            \"featured_image\": \"https:\/\/d2kflbb1pmooh4.cloudfront.net\/eyJidWNrZXQiOiAiYWx0ZXJlc3RhdGUiLCAia2V5IjogInN0YXRpYy9wcm9wZXJ0aWVzL1dFVUM3SEFRRlovRk1YMlAzMzQ2Uy80NUJCNGRoYmt5L3RlbXBJbWFnZW5ZVmZjYS5qcGVnIiwgImVkaXRzIjogeyJyZXNpemUiOiB7IndpZHRoIjogMzUwLCAiaGVpZ2h0IjogMjUwLCAiZml0IjogImluc2lkZSJ9LCAidG9Gb3JtYXQiOiAianBlZyIsICJqcGVnIjogeyJxdWFsaXR5IjogNzB9fX0=\",\n            \"currency_sale\": \"DOP\",\n            \"currency_rent\": \"USD\",\n            \"currency_rental\": \"DOP\",\n            \"currency_furnished\": \"DOP\",\n            \"currency_maintenance\": \"DOP\",\n            \"currency_sale_furnished\": \"DOP\",\n            \"sale_price\": null,\n            \"rent_price\": 3168,\n            \"rental_price\": null,\n            \"furnished_price\": null,\n            \"furnished_sale_price\": null,\n            \"property_area\": 144,\n            \"property_area_measurer\": \"Mt2\",\n            \"terrain_area\": null,\n            \"terrain_area_measurer\": \"Mt2\",\n            \"province\": \"Santiago\",\n            \"city\": \"Santiago\",\n            \"sector\": \"Las Colinas\",\n            \"status\": \"1\",\n            \"external_route\": null,\n            \"exclusive\": false,\n            \"furnished\": false,\n            \"featured\": true,\n            \"masterbroker\": false,\n            \"short_description\": \"Se alquilan locales comerciales en Colinas Mall. Santiago.\",\n            \"is_project_v2\": false,\n            \"project_values\": null,\n            \"parent\": {\n                \"slug\": \"se-alquilan-locales-comerciales-en-santiago-1016\",\n                \"uid\": \"FMX2P3346S\",\n                \"tid\": \"QIWEWWS4MY\",\n                \"cid\": 1016,\n                \"is_project_v2\": false,\n                \"masterbroker\": false,\n                \"featured_image\": \"https:\/\/d2kflbb1pmooh4.cloudfront.net\/eyJidWNrZXQiOiAiYWx0ZXJlc3RhdGUiLCAia2V5IjogInN0YXRpYy9wcm9wZXJ0aWVzL1dFVUM3SEFRRlovRk1YMlAzMzQ2Uy80NUJCNGRoYmt5L3RlbXBJbWFnZW5ZVmZjYS5qcGVnIiwgImVkaXRzIjogeyJyZXNpemUiOiB7IndpZHRoIjogMTAyNCwgImhlaWdodCI6IDc2OCwgImZpdCI6ICJpbnNpZGUifSwgInRvRm9ybWF0IjogImpwZWciLCAianBlZyI6IHsicXVhbGl0eSI6IDcwfX19\",\n                \"featured_image_medium\": \"https:\/\/d2kflbb1pmooh4.cloudfront.net\/eyJidWNrZXQiOiAiYWx0ZXJlc3RhdGUiLCAia2V5IjogInN0YXRpYy9wcm9wZXJ0aWVzL1dFVUM3SEFRRlovRk1YMlAzMzQ2Uy80NUJCNGRoYmt5L3RlbXBJbWFnZW5ZVmZjYS5qcGVnIiwgImVkaXRzIjogeyJyZXNpemUiOiB7IndpZHRoIjogNjAwLCAiaGVpZ2h0IjogNDUwLCAiZml0IjogImluc2lkZSJ9LCAidG9Gb3JtYXQiOiAianBlZyIsICJqcGVnIjogeyJxdWFsaXR5IjogNzB9fX0=\",\n                \"featured_image_thumb\": \"https:\/\/d2kflbb1pmooh4.cloudfront.net\/eyJidWNrZXQiOiAiYWx0ZXJlc3RhdGUiLCAia2V5IjogInN0YXRpYy9wcm9wZXJ0aWVzL1dFVUM3SEFRRlovRk1YMlAzMzQ2Uy80NUJCNGRoYmt5L3RlbXBJbWFnZW5ZVmZjYS5qcGVnIiwgImVkaXRzIjogeyJyZXNpemUiOiB7IndpZHRoIjogMTUsICJoZWlnaHQiOiAxNSwgImZpdCI6ICJpbnNpZGUifSwgInRvRm9ybWF0IjogImpwZWciLCAianBlZyI6IHsicXVhbGl0eSI6IDcwfX19\",\n                \"featured_image_original\": \"https:\/\/d2p0bx8wfdkjkb.cloudfront.net\/static\/properties\/WEUC7HAQFZ\/FMX2P3346S\/45BB4dhbky\/tempImagenYVfca.jpeg\"\n            },\n            \"is_children\": false,\n            \"share_comision\": 50,\n            \"show_on_propertybank\": true,\n            \"translations\": [],\n            \"timestamp\": \"2026-03-11T15:41:11.461751-04:00\"\n        }\n    ],\n    \"project_model\": \"\",\n    \"variations\": [],\n    \"floor_level\": 2,\n    \"total_floors\": null,\n    \"year_construction\": null\n}"],"fave_property_id":["FMX2P3346S"],"fave_currency":["USD"],"fave_currency_info":["a:8:{s:2:\"id\";s:1:\"1\";s:13:\"currency_name\";s:6:\"D\u00f3lar\";s:13:\"currency_code\";s:3:\"USD\";s:15:\"currency_symbol\";s:3:\"US$\";s:17:\"currency_position\";s:6:\"before\";s:16:\"currency_decimal\";s:1:\"2\";s:26:\"currency_decimal_separator\";s:1:\".\";s:27:\"currency_thousand_separator\";s:1:\",\";}"],"fave_property_price":["3168"],"fave_property_price_prefix":[""],"fave_property_price_postfix":["Mensual"],"fave_property_sec_price":[""],"fave_property_maintenance_fee":["18000"],"fave_property_bedrooms":[""],"fave_property_bathrooms":[""],"fave_property_rooms":[""],"fave_property_garage":[""],"fave_property_size":["144"],"fave_property_size_prefix":["m\u00b2"],"fave_property_land":[""],"fave_property_land_postfix":["m\u00b2"],"fave_property_year":[""],"fave_property_address":["Las Colinas, Santiago, Santiago"],"fave_property_map_address":["Las Colinas, Santiago, Santiago"],"fave_property_zip":[""],"fave_property_country":[""],"fave_property_map":["1"],"fave_virtual_tour":[""],"fave_property_floor":["2"],"fave_featured":["0"],"houzez_featured_listing_date":[""],"fave_agent_display_option":["agent_info"],"fave_agents":["18159"],"fave_property_condition":["Listo"],"_aerhs_for_sale":["0"],"_aerhs_for_rent":["1"],"_thumbnail_id":["19565"],"fave_property_images":["a:7:{i:0;i:19565;i:1;i:19566;i:2;i:19567;i:3;i:19568;i:4;i:19569;i:5;i:19570;i:6;i:19571;}"],"fave_property_images_count":["7"],"has_images":["1"],"_aerhs_image_urls":["a:7:{i:0;s:109:\"https:\/\/d2p0bx8wfdkjkb.cloudfront.net\/static\/properties\/WEUC7HAQFZ\/FMX2P3346S\/45BB4dhbky\/tempImagenYVfca.jpeg\";i:1;s:334:\"https:\/\/d2kflbb1pmooh4.cloudfront.net\/eyJidWNrZXQiOiAiYWx0ZXJlc3RhdGUiLCAia2V5IjogInN0YXRpYy9wcm9wZXJ0aWVzL1dFVUM3SEFRRlovSVdNRTBIRURSMi83WG5QamR6dWRFL3RlbXBJbWFnZUxPZ0M1RS5qcGVnIiwgImVkaXRzIjogeyJyZXNpemUiOiB7IndpZHRoIjogMTI4MCwgImhlaWdodCI6IDk2MCwgImZpdCI6ICJpbnNpZGUifSwgInRvRm9ybWF0IjogImpwZWciLCAianBlZyI6IHsicXVhbGl0eSI6IDcwfX19\";i:2;s:334:\"https:\/\/d2kflbb1pmooh4.cloudfront.net\/eyJidWNrZXQiOiAiYWx0ZXJlc3RhdGUiLCAia2V5IjogInN0YXRpYy9wcm9wZXJ0aWVzL1dFVUM3SEFRRlovMDNYRVRBMU5HVC9CRG5EY3kzbTI5L3RlbXBJbWFnZWdwYm1Tby5qcGVnIiwgImVkaXRzIjogeyJyZXNpemUiOiB7IndpZHRoIjogMTI4MCwgImhlaWdodCI6IDk2MCwgImZpdCI6ICJpbnNpZGUifSwgInRvRm9ybWF0IjogImpwZWciLCAianBlZyI6IHsicXVhbGl0eSI6IDcwfX19\";i:3;s:334:\"https:\/\/d2kflbb1pmooh4.cloudfront.net\/eyJidWNrZXQiOiAiYWx0ZXJlc3RhdGUiLCAia2V5IjogInN0YXRpYy9wcm9wZXJ0aWVzL1dFVUM3SEFRRlovRjVURDhJR09MRC81bTlpWjZnMkduL3RlbXBJbWFnZXB5NGZDbS5qcGVnIiwgImVkaXRzIjogeyJyZXNpemUiOiB7IndpZHRoIjogMTI4MCwgImhlaWdodCI6IDk2MCwgImZpdCI6ICJpbnNpZGUifSwgInRvRm9ybWF0IjogImpwZWciLCAianBlZyI6IHsicXVhbGl0eSI6IDcwfX19\";i:4;s:334:\"https:\/\/d2kflbb1pmooh4.cloudfront.net\/eyJidWNrZXQiOiAiYWx0ZXJlc3RhdGUiLCAia2V5IjogInN0YXRpYy9wcm9wZXJ0aWVzL1dFVUM3SEFRRlovOVVRU080M0JXSC9pSEVzVkxVWXkyL3RlbXBJbWFnZVN5ZkxlMy5qcGVnIiwgImVkaXRzIjogeyJyZXNpemUiOiB7IndpZHRoIjogMTI4MCwgImhlaWdodCI6IDk2MCwgImZpdCI6ICJpbnNpZGUifSwgInRvRm9ybWF0IjogImpwZWciLCAianBlZyI6IHsicXVhbGl0eSI6IDcwfX19\";i:5;s:334:\"https:\/\/d2kflbb1pmooh4.cloudfront.net\/eyJidWNrZXQiOiAiYWx0ZXJlc3RhdGUiLCAia2V5IjogInN0YXRpYy9wcm9wZXJ0aWVzL1dFVUM3SEFRRlovM1VUOEo5WkkzNy95UDhCdlBYZ1pFL3RlbXBJbWFnZWtDTzVFei5qcGVnIiwgImVkaXRzIjogeyJyZXNpemUiOiB7IndpZHRoIjogMTI4MCwgImhlaWdodCI6IDk2MCwgImZpdCI6ICJpbnNpZGUifSwgInRvRm9ybWF0IjogImpwZWciLCAianBlZyI6IHsicXVhbGl0eSI6IDcwfX19\";i:6;s:334:\"https:\/\/d2kflbb1pmooh4.cloudfront.net\/eyJidWNrZXQiOiAiYWx0ZXJlc3RhdGUiLCAia2V5IjogInN0YXRpYy9wcm9wZXJ0aWVzL1dFVUM3SEFRRlovM0VMUjdaUzI4Ti9jNGdIeXBna3lOL3RlbXBJbWFnZUJtUElNTC5qcGVnIiwgImVkaXRzIjogeyJyZXNpemUiOiB7IndpZHRoIjogMTI4MCwgImhlaWdodCI6IDk2MCwgImZpdCI6ICJpbnNpZGUifSwgInRvRm9ybWF0IjogImpwZWciLCAianBlZyI6IHsicXVhbGl0eSI6IDcwfX19\";}"],"houzez_total_property_views":["34"],"houzez_views_by_date":["a:20:{s:10:\"03-12-2026\";i:2;s:10:\"03-14-2026\";i:3;s:10:\"03-16-2026\";i:1;s:10:\"03-17-2026\";i:2;s:10:\"03-18-2026\";i:2;s:10:\"03-20-2026\";i:3;s:10:\"03-21-2026\";i:2;s:10:\"03-25-2026\";i:1;s:10:\"03-29-2026\";i:1;s:10:\"04-02-2026\";i:2;s:10:\"04-04-2026\";i:1;s:10:\"04-06-2026\";i:1;s:10:\"04-11-2026\";i:1;s:10:\"04-19-2026\";i:2;s:10:\"04-21-2026\";i:2;s:10:\"04-22-2026\";i:1;s:10:\"04-26-2026\";i:1;s:10:\"04-27-2026\";i:1;s:10:\"04-29-2026\";i:1;s:10:\"05-01-2026\";i:4;}"],"houzez_recently_viewed":["2026-05-01 19:00:47"],"_elementor_page_assets":["a:0:{}"]},"_links":{"self":[{"href":"https:\/\/prohouse.com.do\/en\/wp-json\/wp\/v2\/properties\/19563","targetHints":{"allow":["GET"]}}],"collection":[{"href":"https:\/\/prohouse.com.do\/en\/wp-json\/wp\/v2\/properties"}],"about":[{"href":"https:\/\/prohouse.com.do\/en\/wp-json\/wp\/v2\/types\/property"}],"author":[{"embeddable":true,"href":"https:\/\/prohouse.com.do\/en\/wp-json\/wp\/v2\/users\/3"}],"version-history":[{"count":1,"href":"https:\/\/prohouse.com.do\/en\/wp-json\/wp\/v2\/properties\/19563\/revisions"}],"predecessor-version":[{"id":19564,"href":"https:\/\/prohouse.com.do\/en\/wp-json\/wp\/v2\/properties\/19563\/revisions\/19564"}],"wp:featuredmedia":[{"embeddable":true,"href":"https:\/\/prohouse.com.do\/en\/wp-json\/wp\/v2\/media\/19565"}],"wp:attachment":[{"href":"https:\/\/prohouse.com.do\/en\/wp-json\/wp\/v2\/media?parent=19563"}],"wp:term":[{"taxonomy":"property_type","embeddable":true,"href":"https:\/\/prohouse.com.do\/en\/wp-json\/wp\/v2\/property_type?post=19563"},{"taxonomy":"property_status","embeddable":true,"href":"https:\/\/prohouse.com.do\/en\/wp-json\/wp\/v2\/property_status?post=19563"},{"taxonomy":"property_feature","embeddable":true,"href":"https:\/\/prohouse.com.do\/en\/wp-json\/wp\/v2\/property_feature?post=19563"},{"taxonomy":"property_label","embeddable":true,"href":"https:\/\/prohouse.com.do\/en\/wp-json\/wp\/v2\/property_label?post=19563"},{"taxonomy":"property_country","embeddable":true,"href":"https:\/\/prohouse.com.do\/en\/wp-json\/wp\/v2\/property_country?post=19563"},{"taxonomy":"property_state","embeddable":true,"href":"https:\/\/prohouse.com.do\/en\/wp-json\/wp\/v2\/property_state?post=19563"},{"taxonomy":"property_city","embeddable":true,"href":"https:\/\/prohouse.com.do\/en\/wp-json\/wp\/v2\/property_city?post=19563"},{"taxonomy":"property_area","embeddable":true,"href":"https:\/\/prohouse.com.do\/en\/wp-json\/wp\/v2\/property_area?post=19563"}],"curies":[{"name":"wp","href":"https:\/\/api.w.org\/{rel}","templated":true}]}}